{"id":17412,"date":"2023-11-14T08:39:03","date_gmt":"2023-11-14T07:39:03","guid":{"rendered":"https:\/\/finestresemporda.cat\/?page_id=17412"},"modified":"2025-09-03T12:31:49","modified_gmt":"2025-09-03T10:31:49","slug":"otros-elementos","status":"publish","type":"page","link":"https:\/\/finestresemporda.cat\/ca\/productos\/otros-elementos\/","title":{"rendered":"Altres elements"},"content":{"rendered":"[mk_page_section vertical_align=&#8221;top&#8221; bg_image=&#8221;https:\/\/finestresemporda.cat\/wp-content\/uploads\/2022\/01\/otros-elementos-sombra.png&#8221; attachment=&#8221;fixed&#8221; bg_position=&#8221;center center&#8221; bg_repeat=&#8221;no-repeat&#8221; min_height=&#8221;203&#8243; full_width=&#8221;true&#8221; js_vertical_centered=&#8221;true&#8221; visibility=&#8221;visible-sm&#8221; sidebar=&#8221;sidebar-1&#8243;][vc_column][mk_padding_divider size=&#8221;150&#8243;][mk_fancy_title strip_tags=&#8221;true&#8221; tag_name=&#8221;h1&#8243; color=&#8221;#ffffff&#8221; size=&#8221;40&#8243; line_height=&#8221;150&#8243; font_weight=&#8221;bolder&#8221; font_style=&#8221;normal&#8221; letter_spacing=&#8221;1&#8243; margin_bottom=&#8221;0&#8243; font_family=&#8221;none&#8221; align=&#8221;center&#8221; animation=&#8221;scale-up&#8221; visibility=&#8221;visible-sm&#8221;]<strong>ALTRES ELEMENTS<\/strong>[\/mk_fancy_title][mk_padding_divider size=&#8221;150&#8243;][\/vc_column][\/mk_page_section][vc_row visibility=&#8221;hidden-sm&#8221; css=&#8221;.vc_custom_1642077792973{background-image: url(https:\/\/finestresemporda.cat\/wp-content\/uploads\/2021\/12\/banner-otros-elementos.jpg?id=16428) !important;background-position: center !important;background-repeat: no-repeat !important;background-size: contain !important;}&#8221;][vc_column][mk_padding_divider size=&#8221;300&#8243;][vc_row_inner][vc_column_inner width=&#8221;1\/2&#8243; css=&#8221;.vc_custom_1640866669673{background-color: #ffffff !important;}&#8221;][mk_fancy_title strip_tags=&#8221;true&#8221; tag_name=&#8221;h1&#8243; size=&#8221;70&#8243; line_height=&#8221;150&#8243; font_weight=&#8221;bold&#8221; letter_spacing=&#8221;1&#8243; font_family=&#8221;none&#8221;]<strong>ALTRES ELEMENTS<\/strong>[\/mk_fancy_title][mk_fancy_title strip_tags=&#8221;true&#8221; tag_name=&#8221;span&#8221; size=&#8221;25&#8243; font_weight=&#8221;400&#8243; font_family=&#8221;none&#8221;]A Finestres Empord\u00e0 us oferim comoditat i confort.[\/mk_fancy_title][\/vc_column_inner][vc_column_inner width=&#8221;1\/2&#8243;][\/vc_column_inner][\/vc_row_inner][\/vc_column][\/vc_row][vc_row fullwidth=&#8221;true&#8221; fullwidth_content=&#8221;false&#8221; visibility=&#8221;hidden-sm&#8221;][vc_column width=&#8221;1\/12&#8243;][\/vc_column][vc_column width=&#8221;5\/12&#8243;][mk_padding_divider size=&#8221;20&#8243;][mk_fancy_title tag_name=&#8221;span&#8221; size=&#8221;20&#8243; font_weight=&#8221;400&#8243; font_family=&#8221;none&#8221;]Complementeu les vostres finestres amb<strong> mallorquines, mosquiteres, porticons o persianes.<\/strong> Aporteu un m\u00e0xim confort i una millor funcionalitat amb els nostres elements decoratius.[\/mk_fancy_title][mk_padding_divider size=&#8221;20&#8243;][mk_fancy_title tag_name=&#8221;span&#8221; size=&#8221;20&#8243; font_weight=&#8221;400&#8243; font_family=&#8221;none&#8221;]Les <strong>persianes <\/strong>ajudaran a protegir l&#8217;edifici dels rajos del sol. I, al mateix temps, podreu gaudir m\u00e9s de l&#8217;estada. A m\u00e9s, suposen un <strong>estalvi energ\u00e8tic major<\/strong> i ajuden a una millor a\u00efllament tant t\u00e8rmic com ac\u00fastic.[\/mk_fancy_title][mk_padding_divider size=&#8221;20&#8243;][mk_fancy_title tag_name=&#8221;span&#8221; size=&#8221;20&#8243; font_weight=&#8221;400&#8243; font_family=&#8221;none&#8221;]Els <strong>porticons<\/strong> tamb\u00e9 us ajuden a estalviar energia i sobretot protegeixen la vostra llar del sol. Incl\u00fas d&#8217;altres inclem\u00e8ncies meteorol\u00f2giques com el vent o la pluja. Podeu <strong>personalitzar-los<\/strong> perqu\u00e8 s&#8217;adaptin a l&#8217;estil de la vostra vivenda o obra.[\/mk_fancy_title][mk_padding_divider size=&#8221;20&#8243;][mk_fancy_title tag_name=&#8221;span&#8221; size=&#8221;20&#8243; font_weight=&#8221;400&#8243; font_family=&#8221;none&#8221;]Les <strong>mosquiteres <\/strong>s\u00f3n molt pr\u00e0ctiques per allunyar els insectes no desitjats, per proporcionar una <strong>major seguretat<\/strong>, evitar que els m\u00e9s petits s&#8217;asomin i fins i tot un estalvi d&#8217;energia major.[\/mk_fancy_title][\/vc_column][vc_column width=&#8221;1\/12&#8243;][\/vc_column][vc_column width=&#8221;5\/12&#8243;][mk_padding_divider size=&#8221;100&#8243;][mk_fancy_title strip_tags=&#8221;true&#8221; tag_name=&#8221;span&#8221; size=&#8221;30&#8243; font_weight=&#8221;600&#8243; font_family=&#8221;none&#8221; align=&#8221;right&#8221;]Aporta a casa teva o construcci\u00f3 una major privacitat i seguretat amb aquests elements. Podeu comprar qualsevol d&#8217;aquests<strong> elements decoratius i est\u00e8tics a la zona de la Costa Brava i Girona.<\/strong>[\/mk_fancy_title][\/vc_column][\/vc_row][vc_row fullwidth=&#8221;true&#8221; fullwidth_content=&#8221;false&#8221; visibility=&#8221;visible-sm&#8221;][vc_column width=&#8221;1\/12&#8243;][\/vc_column][vc_column width=&#8221;5\/12&#8243;][mk_padding_divider size=&#8221;30&#8243;][mk_fancy_title tag_name=&#8221;span&#8221; size=&#8221;20&#8243; font_weight=&#8221;400&#8243; font_family=&#8221;none&#8221;]Complementeu les vostres finestres amb<strong> mallorquines, mosquiteres, porticons o persianes.<\/strong> Aporteu un m\u00e0xim confort i una millor funcionalitat amb els nostres elements decoratius.[\/mk_fancy_title][mk_padding_divider size=&#8221;30&#8243;][mk_fancy_title tag_name=&#8221;span&#8221; size=&#8221;20&#8243; font_weight=&#8221;400&#8243; font_family=&#8221;none&#8221;]Les <strong>persianes <\/strong>ajudaran a protegir l&#8217;edifici dels rajos del sol. I, al mateix temps, podreu gaudir m\u00e9s de l&#8217;estada. A m\u00e9s, suposen un <strong>estalvi energ\u00e8tic major<\/strong> i ajuden a una millor a\u00efllament tant t\u00e8rmic com ac\u00fastic.[\/mk_fancy_title][mk_padding_divider size=&#8221;30&#8243;][mk_fancy_title tag_name=&#8221;span&#8221; size=&#8221;20&#8243; font_weight=&#8221;400&#8243; font_family=&#8221;none&#8221;]Els <strong>porticons<\/strong> tamb\u00e9 us ajuden a estalviar energia i sobretot protegeixen la vostra llar del sol. Incl\u00fas d&#8217;altres inclem\u00e8ncies meteorol\u00f2giques com el vent o la pluja. Podeu <strong>personalitzar-los<\/strong> perqu\u00e8 s&#8217;adaptin a l&#8217;estil de la vostra vivenda o obra.[\/mk_fancy_title][mk_padding_divider size=&#8221;30&#8243;][mk_fancy_title tag_name=&#8221;span&#8221; size=&#8221;20&#8243; font_weight=&#8221;400&#8243; font_family=&#8221;none&#8221;]Les <strong>mosquiteres <\/strong>s\u00f3n molt pr\u00e0ctiques per allunyar els insectes no desitjats, per proporcionar una <strong>major seguretat<\/strong>, evitar que els m\u00e9s petits s&#8217;asomin i fins i tot un estalvi d&#8217;energia major.[\/mk_fancy_title][\/vc_column][vc_column width=&#8221;1\/12&#8243;][\/vc_column][vc_column width=&#8221;5\/12&#8243;][mk_padding_divider size=&#8221;30&#8243;][mk_fancy_title tag_name=&#8221;span&#8221; size=&#8221;20&#8243; font_weight=&#8221;400&#8243; font_family=&#8221;none&#8221;]Aporta a casa teva o construcci\u00f3 una major privacitat i seguretat amb aquests elements. Podeu comprar qualsevol d&#8217;aquests<strong> elements decoratius i est\u00e8tics a la zona de la Costa Brava i Girona.<\/strong>[\/mk_fancy_title][\/vc_column][\/vc_row][vc_row fullwidth=&#8221;true&#8221; fullwidth_content=&#8221;false&#8221; visibility=&#8221;hidden-sm&#8221;][vc_column][mk_padding_divider size=&#8221;100&#8243;][\/vc_column][\/vc_row][vc_row animation=&#8221;left-to-right&#8221;][vc_column width=&#8221;6\/12&#8243; css=&#8221;.vc_custom_1639392975096{margin: 0px !important;}&#8221;][mk_image src=&#8221;https:\/\/finestresemporda.cat\/wp-content\/uploads\/2022\/01\/a-tu-gusto.jpg&#8221; image_size=&#8221;full&#8221;][\/vc_column][vc_column width=&#8221;1\/12&#8243;][\/vc_column][vc_column width=&#8221;5\/12&#8243;][mk_padding_divider size=&#8221;150&#8243;][mk_fancy_title strip_tags=&#8221;true&#8221; size=&#8221;40&#8243; font_weight=&#8221;bold&#8221; font_family=&#8221;none&#8221;]<strong>Al vostre gust<\/strong>[\/mk_fancy_title][mk_fancy_title strip_tags=&#8221;true&#8221; tag_name=&#8221;span&#8221; size=&#8221;20&#8243; font_weight=&#8221;400&#8243; font_family=&#8221;none&#8221;]Personalitzeu qualsevol element de comoditat i est\u00e8tica de les nostres col\u00b7leccions. Comptem amb productes de diferents estils, mides i colors perqu\u00e8 pugueu triar en funci\u00f3 dels vostres gustos i necessitats[\/mk_fancy_title][mk_padding_divider size=&#8221;50&#8243;][\/vc_column][\/vc_row][vc_row fullwidth=&#8221;true&#8221; fullwidth_content=&#8221;false&#8221;][vc_column][mk_padding_divider size=&#8221;120&#8243;][\/vc_column][\/vc_row][vc_row visibility=&#8221;hidden-sm&#8221; animation=&#8221;right-to-left&#8221;][vc_column width=&#8221;5\/12&#8243;][mk_padding_divider size=&#8221;100&#8243;][mk_fancy_title strip_tags=&#8221;true&#8221; size=&#8221;40&#8243; font_weight=&#8221;bold&#8221; font_family=&#8221;none&#8221;]<strong>Major seguretat<\/strong>[\/mk_fancy_title][mk_fancy_title strip_tags=&#8221;true&#8221; tag_name=&#8221;span&#8221; size=&#8221;20&#8243; font_weight=&#8221;400&#8243; font_family=&#8221;none&#8221;]Aix\u00f2 \u00e9s important per evitar que puguin accedir f\u00e0cilment a l&#8217;edifici. Per aix\u00f2, tant els porticons, les persianes com les mosquiteres dificulten l&#8217;entrada a visites inesperades per les finestres.[\/mk_fancy_title][mk_padding_divider size=&#8221;50&#8243;][\/vc_column][vc_column width=&#8221;1\/12&#8243;][\/vc_column][vc_column width=&#8221;6\/12&#8243;][mk_image src=&#8221;https:\/\/finestresemporda.cat\/wp-content\/uploads\/2022\/01\/mas-seguridad.jpg&#8221; image_size=&#8221;full&#8221;][\/vc_column][\/vc_row][vc_row visibility=&#8221;visible-sm&#8221; animation=&#8221;right-to-left&#8221;][vc_column width=&#8221;6\/12&#8243;][mk_image src=&#8221;https:\/\/finestresemporda.cat\/wp-content\/uploads\/2022\/01\/mas-seguridad.jpg&#8221; image_size=&#8221;full&#8221;][\/vc_column][vc_column width=&#8221;1\/12&#8243;][\/vc_column][vc_column width=&#8221;5\/12&#8243;][mk_padding_divider size=&#8221;100&#8243;][mk_fancy_title strip_tags=&#8221;true&#8221; size=&#8221;40&#8243; font_weight=&#8221;bold&#8221; font_family=&#8221;none&#8221;]<strong>Major seguretat<\/strong>[\/mk_fancy_title][mk_fancy_title strip_tags=&#8221;true&#8221; tag_name=&#8221;span&#8221; size=&#8221;20&#8243; font_weight=&#8221;400&#8243; font_family=&#8221;none&#8221;]Aix\u00f2 \u00e9s important per evitar que puguin accedir f\u00e0cilment a l&#8217;edifici. Per aix\u00f2, tant els porticons, les persianes com les mosquiteres dificulten l&#8217;entrada a visites inesperades per les finestres.[\/mk_fancy_title][mk_padding_divider size=&#8221;50&#8243;][\/vc_column][\/vc_row][vc_row fullwidth=&#8221;true&#8221; fullwidth_content=&#8221;false&#8221;][vc_column][mk_padding_divider size=&#8221;120&#8243;][\/vc_column][\/vc_row][vc_row animation=&#8221;left-to-right&#8221;][vc_column width=&#8221;6\/12&#8243;][mk_image src=&#8221;https:\/\/finestresemporda.cat\/wp-content\/uploads\/2022\/01\/mas-privacidad.jpg&#8221; image_size=&#8221;full&#8221;][\/vc_column][vc_column width=&#8221;1\/12&#8243;][\/vc_column][vc_column width=&#8221;5\/12&#8243;][mk_padding_divider size=&#8221;50&#8243;][mk_fancy_title strip_tags=&#8221;true&#8221; size=&#8221;40&#8243; font_weight=&#8221;bold&#8221; font_family=&#8221;none&#8221;]<strong>M\u00e9s privacitat<\/strong>[\/mk_fancy_title][mk_fancy_title strip_tags=&#8221;true&#8221; tag_name=&#8221;span&#8221; size=&#8221;20&#8243; font_weight=&#8221;400&#8243; font_family=&#8221;none&#8221;]Sentiu-vos m\u00e9s com a casa amb una major privacitat. Aquests elements us ajuden a gaudir de la vostra estada m\u00e9s c\u00f2modament, sense mirades estranyes o inesperades.[\/mk_fancy_title][mk_padding_divider size=&#8221;50&#8243;][\/vc_column][\/vc_row][vc_row fullwidth=&#8221;true&#8221; fullwidth_content=&#8221;false&#8221;][vc_column][mk_padding_divider size=&#8221;100&#8243;][\/vc_column][\/vc_row][vc_row][vc_column][mk_padding_divider size=&#8221;70&#8243;][mk_fancy_title strip_tags=&#8221;true&#8221; color=&#8221;#000000&#8243; size=&#8221;50&#8243; font_weight=&#8221;bold&#8221; letter_spacing=&#8221;2&#8243; margin_bottom=&#8221;0&#8243; font_family=&#8221;Open+Sans&#8221; font_type=&#8221;google&#8221; align=&#8221;center&#8221; animation=&#8221;scale-up&#8221;]\n<p style=\"text-align: center;\"><strong>Us ajudem?<\/strong><\/p>\n[\/mk_fancy_title][mk_fancy_title font_family=&#8221;none&#8221;]\n<p style=\"text-align: center;\">Si necessiteu recomanacions, assessorament o ajuda per triar la millor mosquitera per a vost\u00e8, el portic\u00f3 m\u00e9s adient per a les vostres finestres o la persiana m\u00e9s pr\u00e0ctica per a casa vostra, us ajudem.<\/p>\n[\/mk_fancy_title][mk_fancy_title tag_name=&#8221;span&#8221; color=&#8221;#000000&#8243; size=&#8221;25&#8243; font_weight=&#8221;500&#8243; letter_spacing=&#8221;2&#8243; margin_bottom=&#8221;0&#8243; font_family=&#8221;Open+Sans&#8221; font_type=&#8221;google&#8221; align=&#8221;center&#8221; animation=&#8221;scale-up&#8221;]<a href=\"\/contacto\">Sol\u00b7liciteu un pressupost a mida aqu\u00ed<\/a>[\/mk_fancy_title][\/vc_column][vc_column][\/vc_column][\/vc_row][vc_row fullwidth=&#8221;true&#8221; fullwidth_content=&#8221;false&#8221;][vc_column][mk_padding_divider size=&#8221;100&#8243;][\/vc_column][\/vc_row]\n","protected":false},"excerpt":{"rendered":"<p>[mk_page_section vertical_align=&#8221;top&#8221; bg_image=&#8221;https:\/\/finestresemporda.cat\/wp-content\/uploads\/2022\/01\/otros-elementos-sombra.png&#8221; attachment=&#8221;fixed&#8221; bg_position=&#8221;center center&#8221; bg_repeat=&#8221;no-repeat&#8221; min_height=&#8221;203&#8243; full_width=&#8221;true&#8221; js_vertical_centered=&#8221;true&#8221; visibility=&#8221;visible-sm&#8221; sidebar=&#8221;sidebar-1&#8243;][vc_column][mk_padding_divider size=&#8221;150&#8243;][mk_fancy_title strip_tags=&#8221;true&#8221; tag_name=&#8221;h1&#8243; color=&#8221;#ffffff&#8221; size=&#8221;40&#8243; line_height=&#8221;150&#8243; font_weight=&#8221;bolder&#8221; font_style=&#8221;normal&#8221; letter_spacing=&#8221;1&#8243; margin_bottom=&#8221;0&#8243; font_family=&#8221;none&#8221; align=&#8221;center&#8221; animation=&#8221;scale-up&#8221; visibility=&#8221;visible-sm&#8221;]ALTRES ELEMENTS[\/mk_fancy_title][mk_padding_divider size=&#8221;150&#8243;][\/vc_column][\/mk_page_section][vc_row visibility=&#8221;hidden-sm&#8221; css=&#8221;.vc_custom_1642077792973{background-image: url(https:\/\/finestresemporda.cat\/wp-content\/uploads\/2021\/12\/banner-otros-elementos.jpg?id=16428) !important;background-position: center !important;background-repeat: no-repeat !important;background-size: contain !important;}&#8221;][vc_column][mk_padding_divider size=&#8221;300&#8243;][vc_row_inner][vc_column_inner width=&#8221;1\/2&#8243; css=&#8221;.vc_custom_1640866669673{background-color: #ffffff !important;}&#8221;][mk_fancy_title strip_tags=&#8221;true&#8221; tag_name=&#8221;h1&#8243; size=&#8221;70&#8243; line_height=&#8221;150&#8243; font_weight=&#8221;bold&#8221; letter_spacing=&#8221;1&#8243; font_family=&#8221;none&#8221;]ALTRES ELEMENTS[\/mk_fancy_title][mk_fancy_title strip_tags=&#8221;true&#8221; tag_name=&#8221;span&#8221; size=&#8221;25&#8243; font_weight=&#8221;400&#8243; [&hellip;]<\/p>\n","protected":false},"author":8,"featured_media":0,"parent":17398,"menu_order":1,"comment_status":"closed","ping_status":"closed","template":"","meta":{"_monsterinsights_skip_tracking":false,"_monsterinsights_sitenote_active":false,"_monsterinsights_sitenote_note":"","_monsterinsights_sitenote_category":0,"footnotes":""},"class_list":["post-17412","page","type-page","status-publish","hentry"],"aioseo_notices":[],"_links":{"self":[{"href":"https:\/\/finestresemporda.cat\/ca\/wp-json\/wp\/v2\/pages\/17412","targetHints":{"allow":["GET"]}}],"collection":[{"href":"https:\/\/finestresemporda.cat\/ca\/wp-json\/wp\/v2\/pages"}],"about":[{"href":"https:\/\/finestresemporda.cat\/ca\/wp-json\/wp\/v2\/types\/page"}],"author":[{"embeddable":true,"href":"https:\/\/finestresemporda.cat\/ca\/wp-json\/wp\/v2\/users\/8"}],"replies":[{"embeddable":true,"href":"https:\/\/finestresemporda.cat\/ca\/wp-json\/wp\/v2\/comments?post=17412"}],"version-history":[{"count":7,"href":"https:\/\/finestresemporda.cat\/ca\/wp-json\/wp\/v2\/pages\/17412\/revisions"}],"predecessor-version":[{"id":17619,"href":"https:\/\/finestresemporda.cat\/ca\/wp-json\/wp\/v2\/pages\/17412\/revisions\/17619"}],"up":[{"embeddable":true,"href":"https:\/\/finestresemporda.cat\/ca\/wp-json\/wp\/v2\/pages\/17398"}],"wp:attachment":[{"href":"https:\/\/finestresemporda.cat\/ca\/wp-json\/wp\/v2\/media?parent=17412"}],"curies":[{"name":"wp","href":"https:\/\/api.w.org\/{rel}","templated":true}]}}