{"id":17413,"date":"2023-11-14T08:39:03","date_gmt":"2023-11-14T07:39:03","guid":{"rendered":"https:\/\/finestresemporda.cat\/?page_id=17413"},"modified":"2023-11-22T20:12:45","modified_gmt":"2023-11-22T19:12:45","slug":"puertas-de-entrada","status":"publish","type":"page","link":"https:\/\/finestresemporda.cat\/ca\/productos\/puertas-de-entrada\/","title":{"rendered":"Portes d&#8217;entrada"},"content":{"rendered":"[mk_page_section vertical_align=&#8221;top&#8221; bg_image=&#8221;https:\/\/finestresemporda.cat\/wp-content\/uploads\/2022\/02\/productos-banner.png&#8221; attachment=&#8221;fixed&#8221; bg_position=&#8221;right center&#8221; bg_repeat=&#8221;no-repeat&#8221; min_height=&#8221;203&#8243; full_width=&#8221;true&#8221; js_vertical_centered=&#8221;true&#8221; visibility=&#8221;visible-sm&#8221; sidebar=&#8221;sidebar-1&#8243;][vc_column][mk_padding_divider size=&#8221;150&#8243;][mk_fancy_title strip_tags=&#8221;true&#8221; tag_name=&#8221;h1&#8243; color=&#8221;#ffffff&#8221; size=&#8221;40&#8243; line_height=&#8221;150&#8243; font_weight=&#8221;bolder&#8221; font_style=&#8221;normal&#8221; letter_spacing=&#8221;1&#8243; margin_bottom=&#8221;0&#8243; font_family=&#8221;none&#8221; align=&#8221;center&#8221; animation=&#8221;scale-up&#8221; visibility=&#8221;visible-sm&#8221;]<strong>PORTES D&#8217;ENTRADA<\/strong>[\/mk_fancy_title][mk_padding_divider size=&#8221;150&#8243;][\/vc_column][\/mk_page_section][vc_row visibility=&#8221;hidden-sm&#8221; css=&#8221;.vc_custom_1644482155840{background-image: url(https:\/\/finestresemporda.cat\/wp-content\/uploads\/2022\/02\/productos-banner.png?id=16983) !important;background-position: center !important;background-repeat: no-repeat !important;background-size: cover !important;}&#8221;][vc_column][mk_padding_divider size=&#8221;250&#8243;][vc_row_inner][vc_column_inner width=&#8221;1\/2&#8243; css=&#8221;.vc_custom_1640856114159{background-color: #ffffff !important;}&#8221;][mk_fancy_title strip_tags=&#8221;true&#8221; tag_name=&#8221;h1&#8243; color=&#8221;#0a0a0a&#8221; size=&#8221;60&#8243; line_height=&#8221;150&#8243; font_weight=&#8221;bolder&#8221; font_style=&#8221;normal&#8221; letter_spacing=&#8221;1&#8243; margin_bottom=&#8221;0&#8243; font_family=&#8221;none&#8221; animation=&#8221;scale-up&#8221;]<strong>PORTES D&#8217;ENTRADA<\/strong>[\/mk_fancy_title][mk_padding_divider size=&#8221;20&#8243;][mk_fancy_title strip_tags=&#8221;true&#8221; tag_name=&#8221;span&#8221; color=&#8221;#0a0a0a&#8221; size=&#8221;25&#8243; force_font_size=&#8221;true&#8221; size_phone=&#8221;20&#8243; line_height=&#8221;150&#8243; font_weight=&#8221;500&#8243; font_style=&#8221;normal&#8221; letter_spacing=&#8221;2&#8243; margin_bottom=&#8221;0&#8243; font_family=&#8221;none&#8221; animation=&#8221;scale-up&#8221;]Senti&#8217;s segur a casa teva amb les nostres portes d&#8217;entrada.[\/mk_fancy_title][\/vc_column_inner][vc_column_inner width=&#8221;1\/2&#8243;][\/vc_column_inner][\/vc_row_inner][\/vc_column][\/vc_row][vc_row fullwidth=&#8221;true&#8221; fullwidth_content=&#8221;false&#8221; visibility=&#8221;hidden-sm&#8221;][vc_column width=&#8221;1\/12&#8243;][\/vc_column][vc_column width=&#8221;5\/12&#8243;][mk_padding_divider size=&#8221;60&#8243;][mk_fancy_title strip_tags=&#8221;true&#8221; tag_name=&#8221;span&#8221; color=&#8221;#0a0a0a&#8221; size=&#8221;20&#8243; force_font_size=&#8221;true&#8221; size_phone=&#8221;20&#8243; line_height=&#8221;150&#8243; font_weight=&#8221;400&#8243; font_style=&#8221;normal&#8221; letter_spacing=&#8221;2&#8243; margin_bottom=&#8221;0&#8243; font_family=&#8221;none&#8221; animation=&#8221;scale-up&#8221;]A Finestres Empord\u00e0 treballem amb la porta d&#8217;entrada de Finstral, per la qual cosa us oferim portes molt segures i resistents a Serra de Dar\u00f3. A m\u00e9s, podreu personalitzar-les totalment al vostre gust.[\/mk_fancy_title][mk_padding_divider size=&#8221;60&#8243;][mk_fancy_title strip_tags=&#8221;true&#8221; tag_name=&#8221;span&#8221; color=&#8221;#0a0a0a&#8221; size=&#8221;20&#8243; force_font_size=&#8221;true&#8221; size_phone=&#8221;20&#8243; line_height=&#8221;150&#8243; font_weight=&#8221;400&#8243; font_style=&#8221;normal&#8221; letter_spacing=&#8221;2&#8243; margin_bottom=&#8221;0&#8243; font_family=&#8221;none&#8221; animation=&#8221;scale-up&#8221;]La nostra prioritat \u00e9s oferir la m\u00e0xima seguretat. Per aix\u00f2 totes les nostres portes compten amb una ferramenta amb dos tancaments tipus ganxo que s&#8217;introdueixen en el marc en tancar la porta. A m\u00e9s, les bombetes de seguretat eviten que puguin obrir la porta amb palanca.[\/mk_fancy_title][\/vc_column][vc_column width=&#8221;1\/12&#8243;][\/vc_column][vc_column width=&#8221;5\/12&#8243;][mk_padding_divider size=&#8221;100&#8243;][mk_fancy_title strip_tags=&#8221;true&#8221; tag_name=&#8221;span&#8221; color=&#8221;#0a0a0a&#8221; size=&#8221;20&#8243; force_font_size=&#8221;true&#8221; size_phone=&#8221;20&#8243; line_height=&#8221;150&#8243; font_weight=&#8221;400&#8243; font_style=&#8221;normal&#8221; letter_spacing=&#8221;2&#8243; margin_bottom=&#8221;0&#8243; font_family=&#8221;none&#8221; animation=&#8221;scale-up&#8221;]El bomb\u00ed de la porta d&#8217;entrada que trieu tamb\u00e9 ser\u00e0 de qualitat. El nostre prove\u00efdor Finstral treballa amb bombins d&#8217;alta seguretat que s\u00f3n molt dif\u00edcils de for\u00e7ar, per la qual cosa aporten encara m\u00e9s seguretat a casa vostra.[\/mk_fancy_title][mk_padding_divider size=&#8221;60&#8243;][mk_fancy_title strip_tags=&#8221;true&#8221; tag_name=&#8221;span&#8221; color=&#8221;#0a0a0a&#8221; size=&#8221;20&#8243; force_font_size=&#8221;true&#8221; size_phone=&#8221;20&#8243; line_height=&#8221;150&#8243; font_weight=&#8221;400&#8243; font_style=&#8221;normal&#8221; letter_spacing=&#8221;2&#8243; margin_bottom=&#8221;0&#8243; font_family=&#8221;none&#8221; animation=&#8221;scale-up&#8221;]De fet, si en el vostre cas requereix una major protecci\u00f3, tamb\u00e9 la tenim. Com? Comptem amb molts altres elements antirrobo com les mirilles, els tancaments motoritzats amb lector d&#8217;empremtes, etc.[\/mk_fancy_title][\/vc_column][\/vc_row][vc_row fullwidth=&#8221;true&#8221; fullwidth_content=&#8221;false&#8221; visibility=&#8221;visible-sm&#8221;][vc_column width=&#8221;1\/12&#8243;][\/vc_column][vc_column width=&#8221;5\/12&#8243;][mk_padding_divider size=&#8221;30&#8243;][mk_fancy_title strip_tags=&#8221;true&#8221; tag_name=&#8221;span&#8221; color=&#8221;#0a0a0a&#8221; size=&#8221;20&#8243; force_font_size=&#8221;true&#8221; size_phone=&#8221;20&#8243; line_height=&#8221;150&#8243; font_weight=&#8221;400&#8243; font_style=&#8221;normal&#8221; letter_spacing=&#8221;2&#8243; margin_bottom=&#8221;0&#8243; font_family=&#8221;none&#8221; animation=&#8221;scale-up&#8221;]A Finestres Empord\u00e0 treballem amb la porta d&#8217;entrada de Finstral, per la qual cosa us oferim portes molt segures i resistents a Serra de Dar\u00f3. A m\u00e9s, podreu personalitzar-les totalment al vostre gust.[\/mk_fancy_title][mk_padding_divider size=&#8221;30&#8243;][mk_fancy_title strip_tags=&#8221;true&#8221; tag_name=&#8221;span&#8221; color=&#8221;#0a0a0a&#8221; size=&#8221;20&#8243; force_font_size=&#8221;true&#8221; size_phone=&#8221;20&#8243; line_height=&#8221;150&#8243; font_weight=&#8221;400&#8243; font_style=&#8221;normal&#8221; letter_spacing=&#8221;2&#8243; margin_bottom=&#8221;0&#8243; font_family=&#8221;none&#8221; animation=&#8221;scale-up&#8221;]La nostra prioritat \u00e9s oferir la m\u00e0xima seguretat. Per aix\u00f2 totes les nostres portes compten amb una ferramenta amb dos tancaments tipus ganxo que s&#8217;introdueixen en el marc en tancar la porta. A m\u00e9s, les bombetes de seguretat eviten que puguin obrir la porta amb palanca.[\/mk_fancy_title][\/vc_column][vc_column width=&#8221;1\/12&#8243;][\/vc_column][vc_column width=&#8221;5\/12&#8243;][mk_padding_divider size=&#8221;30&#8243;][mk_fancy_title strip_tags=&#8221;true&#8221; tag_name=&#8221;span&#8221; color=&#8221;#0a0a0a&#8221; size=&#8221;20&#8243; force_font_size=&#8221;true&#8221; size_phone=&#8221;20&#8243; line_height=&#8221;150&#8243; font_weight=&#8221;400&#8243; font_style=&#8221;normal&#8221; letter_spacing=&#8221;2&#8243; margin_bottom=&#8221;0&#8243; font_family=&#8221;none&#8221; animation=&#8221;scale-up&#8221;]El bomb\u00ed de la porta d&#8217;entrada que trieu tamb\u00e9 ser\u00e0 de qualitat. El nostre prove\u00efdor Finstral treballa amb bombins d&#8217;alta seguretat que s\u00f3n molt dif\u00edcils de for\u00e7ar, per la qual cosa aporten encara m\u00e9s seguretat a casa vostra.[\/mk_fancy_title][mk_padding_divider size=&#8221;30&#8243;][mk_fancy_title strip_tags=&#8221;true&#8221; tag_name=&#8221;span&#8221; color=&#8221;#0a0a0a&#8221; size=&#8221;20&#8243; force_font_size=&#8221;true&#8221; size_phone=&#8221;20&#8243; line_height=&#8221;150&#8243; font_weight=&#8221;400&#8243; font_style=&#8221;normal&#8221; letter_spacing=&#8221;2&#8243; margin_bottom=&#8221;0&#8243; font_family=&#8221;none&#8221; animation=&#8221;scale-up&#8221;]De fet, si en el vostre cas requereix una major protecci\u00f3, tamb\u00e9 la tenim. Com? Comptem amb molts altres elements antirrobo com les mirilles, els tancaments motoritzats amb lector d&#8217;empremtes, etc.[\/mk_fancy_title][\/vc_column][\/vc_row][vc_row fullwidth=&#8221;true&#8221; fullwidth_content=&#8221;false&#8221;][vc_column][mk_padding_divider size=&#8221;80&#8243;][\/vc_column][\/vc_row][vc_row][vc_column][mk_padding_divider size=&#8221;60&#8243;][vc_row_inner animation=&#8221;right-to-left&#8221; css=&#8221;.vc_custom_1636547508375{padding-right: 5px !important;padding-left: 5px !important;}&#8221;][vc_column_inner width=&#8221;6\/12&#8243;][mk_image src=&#8221;https:\/\/finestresemporda.cat\/wp-content\/uploads\/2021\/11\/finstral-gestaltungsmglichkeiten.jpg&#8221; image_size=&#8221;full&#8221; link=&#8221;https:\/\/www.doorconfigurator.finstral.com\/?lang=ES&#8221; target=&#8221;_blank&#8221; animation=&#8221;left-to-right&#8221;][\/vc_column_inner][vc_column_inner width=&#8221;1\/12&#8243;][\/vc_column_inner][vc_column_inner width=&#8221;5\/12&#8243;][mk_padding_divider size=&#8221;150&#8243; visibility=&#8221;hidden-sm&#8221;][mk_padding_divider size=&#8221;75&#8243; visibility=&#8221;visible-sm&#8221;][mk_fancy_title strip_tags=&#8221;true&#8221; color=&#8221;#020202&#8243; size=&#8221;40&#8243; font_weight=&#8221;bold&#8221; font_family=&#8221;none&#8221;]<strong>Personalitzeu la vostra porta d&#8217;entrada<\/strong>[\/mk_fancy_title][mk_fancy_title strip_tags=&#8221;true&#8221; tag_name=&#8221;span&#8221; color=&#8221;#020202&#8243; size=&#8221;20&#8243; font_weight=&#8221;400&#8243; font_family=&#8221;none&#8221;]Dissenyeu la porta dels vostres somnis. Vost\u00e8 tria cada part de la seva porta: des del material del marc, els panells, fins a la superf\u00edcie, el color, la forma i l&#8217;acabat.[\/mk_fancy_title][mk_fancy_title tag_name=&#8221;span&#8221; color=&#8221;#020202&#8243; size=&#8221;20&#8243; line_height=&#8221;140&#8243; font_weight=&#8221;400&#8243; letter_spacing=&#8221;&#8221; margin_bottom=&#8221;0&#8243; font_family=&#8221;none&#8221;]<a href=\"https:\/\/www.doorconfigurator.finstral.com\/?lang=ES\">Anar al configurador \u27a1<\/a>[\/mk_fancy_title][\/vc_column_inner][\/vc_row_inner][mk_padding_divider size=&#8221;100&#8243;][vc_row_inner visibility=&#8221;hidden-sm&#8221; animation=&#8221;right-to-left&#8221; css=&#8221;.vc_custom_1640163055756{padding-right: 5px !important;padding-left: 5px !important;}&#8221;][vc_column_inner width=&#8221;5\/12&#8243;][mk_padding_divider size=&#8221;150&#8243;][mk_fancy_title strip_tags=&#8221;true&#8221; color=&#8221;#020202&#8243; size=&#8221;40&#8243; font_weight=&#8221;bold&#8221; font_family=&#8221;none&#8221;]<strong>Tots els estils<\/strong>[\/mk_fancy_title][mk_fancy_title strip_tags=&#8221;true&#8221; tag_name=&#8221;span&#8221; color=&#8221;#020202&#8243; size=&#8221;20&#8243; font_weight=&#8221;400&#8243; font_family=&#8221;none&#8221;]A m\u00e9s de triar cada detall de la porta, tamb\u00e9 podeu triar entre portes d&#8217;entrada de diferents estils a Girona. Des d&#8217;un estil modern, fins a un altre m\u00e9s r\u00fastic o cl\u00e0ssic.[\/mk_fancy_title][mk_padding_divider size=&#8221;30&#8243;][\/vc_column_inner][vc_column_inner width=&#8221;1\/12&#8243;][\/vc_column_inner][vc_column_inner width=&#8221;6\/12&#8243;][mk_image src=&#8221;https:\/\/finestresemporda.cat\/wp-content\/uploads\/2021\/11\/finstral-schutz.jpg&#8221; image_size=&#8221;full&#8221; animation=&#8221;left-to-right&#8221;][\/vc_column_inner][\/vc_row_inner][vc_row_inner visibility=&#8221;visible-sm&#8221; animation=&#8221;right-to-left&#8221; css=&#8221;.vc_custom_1642076135404{padding-right: 5px !important;padding-left: 5px !important;}&#8221;][vc_column_inner width=&#8221;6\/12&#8243;][mk_image src=&#8221;https:\/\/finestresemporda.cat\/wp-content\/uploads\/2021\/11\/finstral-schutz.jpg&#8221; image_size=&#8221;full&#8221; animation=&#8221;left-to-right&#8221;][\/vc_column_inner][vc_column_inner width=&#8221;5\/12&#8243;][mk_padding_divider size=&#8221;75&#8243; visibility=&#8221;visible-sm&#8221;][mk_fancy_title strip_tags=&#8221;true&#8221; color=&#8221;#020202&#8243; size=&#8221;40&#8243; font_weight=&#8221;bold&#8221; font_family=&#8221;none&#8221;]<strong>Tots els estils<\/strong>[\/mk_fancy_title][mk_fancy_title strip_tags=&#8221;true&#8221; tag_name=&#8221;span&#8221; color=&#8221;#020202&#8243; size=&#8221;20&#8243; font_weight=&#8221;400&#8243; font_family=&#8221;none&#8221;]A m\u00e9s de triar cada detall de la porta, tamb\u00e9 podeu triar entre portes d&#8217;entrada de diferents estils a Girona. Des d&#8217;un estil modern, fins a un altre m\u00e9s r\u00fastic o cl\u00e0ssic.[\/mk_fancy_title][mk_padding_divider size=&#8221;30&#8243;][\/vc_column_inner][vc_column_inner width=&#8221;1\/12&#8243;][\/vc_column_inner][\/vc_row_inner][mk_padding_divider size=&#8221;100&#8243;][vc_row_inner animation=&#8221;right-to-left&#8221; css=&#8221;.vc_custom_1636547508375{padding-right: 5px !important;padding-left: 5px !important;}&#8221;][vc_column_inner width=&#8221;6\/12&#8243;][mk_image src=&#8221;https:\/\/finestresemporda.cat\/wp-content\/uploads\/2021\/11\/finstral-montage.jpg&#8221; image_size=&#8221;full&#8221; animation=&#8221;left-to-right&#8221;][\/vc_column_inner][vc_column_inner width=&#8221;1\/12&#8243;][\/vc_column_inner][vc_column_inner width=&#8221;5\/12&#8243;][mk_padding_divider size=&#8221;150&#8243; visibility=&#8221;hidden-sm&#8221;][mk_padding_divider size=&#8221;75&#8243; visibility=&#8221;visible-sm&#8221;][mk_fancy_title strip_tags=&#8221;true&#8221; color=&#8221;#020202&#8243; size=&#8221;40&#8243; font_weight=&#8221;bold&#8221; font_family=&#8221;none&#8221;]<strong>Muntatge f\u00e0cil<\/strong>[\/mk_fancy_title][mk_fancy_title strip_tags=&#8221;true&#8221; tag_name=&#8221;span&#8221; color=&#8221;#020202&#8243; size=&#8221;20&#8243; font_weight=&#8221;400&#8243; font_family=&#8221;none&#8221;]Ens assegurem que el muntatge de la vostra porta sigui r\u00e0pid i segur, per evitar visites inesperades. Sobretot, ens adaptem a renovacions de portes i instal\u00b7lacions en noves construccions a la zona de la Costa Brava.[\/mk_fancy_title][mk_padding_divider size=&#8221;50&#8243; visibility=&#8221;visible-sm&#8221;][\/vc_column_inner][\/vc_row_inner][\/vc_column][\/vc_row][vc_row][vc_column][mk_padding_divider size=&#8221;150&#8243; visibility=&#8221;hidden-sm&#8221;][mk_padding_divider size=&#8221;90&#8243; visibility=&#8221;visible-sm&#8221;][vc_column_text css=&#8221;.vc_custom_1640260609107{margin-bottom: 0px !important;}&#8221;]<iframe class=\"issuu\" src=\"\/\/e.issuu.com\/embed.html#10499953\/52894062\" frameborder=\"0\" scrolling=\"no\" allowfullscreen=\"allowfullscreen\" data-mce-fragment=\"1\"><\/iframe>[\/vc_column_text][\/vc_column][\/vc_row][vc_row fullwidth=&#8221;true&#8221; fullwidth_content=&#8221;false&#8221;][vc_column][mk_padding_divider size=&#8221;20&#8243;][\/vc_column][\/vc_row][vc_row][vc_column][mk_padding_divider size=&#8221;70&#8243;][mk_fancy_title strip_tags=&#8221;true&#8221; color=&#8221;#000000&#8243; size=&#8221;50&#8243; font_weight=&#8221;bold&#8221; letter_spacing=&#8221;2&#8243; margin_bottom=&#8221;0&#8243; font_family=&#8221;Open+Sans&#8221; font_type=&#8221;google&#8221; align=&#8221;center&#8221; animation=&#8221;scale-up&#8221;]<strong>Us podem ajudar?<\/strong>[\/mk_fancy_title][mk_fancy_title tag_name=&#8221;span&#8221; color=&#8221;#000000&#8243; size=&#8221;25&#8243; font_weight=&#8221;500&#8243; letter_spacing=&#8221;2&#8243; margin_bottom=&#8221;0&#8243; font_family=&#8221;Open+Sans&#8221; font_type=&#8221;google&#8221; align=&#8221;center&#8221; animation=&#8221;scale-up&#8221;]<a href=\"\/ca\/contacto\/\">Sol\u00b7liciteu un pressupost a mida aqu\u00ed<\/a>[\/mk_fancy_title][\/vc_column][\/vc_row][vc_row fullwidth=&#8221;true&#8221; fullwidth_content=&#8221;false&#8221;][vc_column][mk_padding_divider size=&#8221;80&#8243;][\/vc_column][\/vc_row]\n","protected":false},"excerpt":{"rendered":"<p>[mk_page_section vertical_align=&#8221;top&#8221; bg_image=&#8221;https:\/\/finestresemporda.cat\/wp-content\/uploads\/2022\/02\/productos-banner.png&#8221; attachment=&#8221;fixed&#8221; bg_position=&#8221;right center&#8221; bg_repeat=&#8221;no-repeat&#8221; min_height=&#8221;203&#8243; full_width=&#8221;true&#8221; js_vertical_centered=&#8221;true&#8221; visibility=&#8221;visible-sm&#8221; sidebar=&#8221;sidebar-1&#8243;][vc_column][mk_padding_divider size=&#8221;150&#8243;][mk_fancy_title strip_tags=&#8221;true&#8221; tag_name=&#8221;h1&#8243; color=&#8221;#ffffff&#8221; size=&#8221;40&#8243; line_height=&#8221;150&#8243; font_weight=&#8221;bolder&#8221; font_style=&#8221;normal&#8221; letter_spacing=&#8221;1&#8243; margin_bottom=&#8221;0&#8243; font_family=&#8221;none&#8221; align=&#8221;center&#8221; animation=&#8221;scale-up&#8221; visibility=&#8221;visible-sm&#8221;]PORTES D&#8217;ENTRADA[\/mk_fancy_title][mk_padding_divider size=&#8221;150&#8243;][\/vc_column][\/mk_page_section][vc_row visibility=&#8221;hidden-sm&#8221; css=&#8221;.vc_custom_1644482155840{background-image: url(https:\/\/finestresemporda.cat\/wp-content\/uploads\/2022\/02\/productos-banner.png?id=16983) !important;background-position: center !important;background-repeat: no-repeat !important;background-size: cover !important;}&#8221;][vc_column][mk_padding_divider size=&#8221;250&#8243;][vc_row_inner][vc_column_inner width=&#8221;1\/2&#8243; css=&#8221;.vc_custom_1640856114159{background-color: #ffffff !important;}&#8221;][mk_fancy_title strip_tags=&#8221;true&#8221; tag_name=&#8221;h1&#8243; color=&#8221;#0a0a0a&#8221; size=&#8221;60&#8243; line_height=&#8221;150&#8243; font_weight=&#8221;bolder&#8221; font_style=&#8221;normal&#8221; letter_spacing=&#8221;1&#8243; margin_bottom=&#8221;0&#8243; font_family=&#8221;none&#8221; animation=&#8221;scale-up&#8221;]PORTES D&#8217;ENTRADA[\/mk_fancy_title][mk_padding_divider [&hellip;]<\/p>\n","protected":false},"author":8,"featured_media":0,"parent":17398,"menu_order":1,"comment_status":"closed","ping_status":"closed","template":"","meta":{"_monsterinsights_skip_tracking":false,"_monsterinsights_sitenote_active":false,"_monsterinsights_sitenote_note":"","_monsterinsights_sitenote_category":0,"footnotes":""},"class_list":["post-17413","page","type-page","status-publish","hentry"],"aioseo_notices":[],"_links":{"self":[{"href":"https:\/\/finestresemporda.cat\/ca\/wp-json\/wp\/v2\/pages\/17413","targetHints":{"allow":["GET"]}}],"collection":[{"href":"https:\/\/finestresemporda.cat\/ca\/wp-json\/wp\/v2\/pages"}],"about":[{"href":"https:\/\/finestresemporda.cat\/ca\/wp-json\/wp\/v2\/types\/page"}],"author":[{"embeddable":true,"href":"https:\/\/finestresemporda.cat\/ca\/wp-json\/wp\/v2\/users\/8"}],"replies":[{"embeddable":true,"href":"https:\/\/finestresemporda.cat\/ca\/wp-json\/wp\/v2\/comments?post=17413"}],"version-history":[{"count":8,"href":"https:\/\/finestresemporda.cat\/ca\/wp-json\/wp\/v2\/pages\/17413\/revisions"}],"predecessor-version":[{"id":17594,"href":"https:\/\/finestresemporda.cat\/ca\/wp-json\/wp\/v2\/pages\/17413\/revisions\/17594"}],"up":[{"embeddable":true,"href":"https:\/\/finestresemporda.cat\/ca\/wp-json\/wp\/v2\/pages\/17398"}],"wp:attachment":[{"href":"https:\/\/finestresemporda.cat\/ca\/wp-json\/wp\/v2\/media?parent=17413"}],"curies":[{"name":"wp","href":"https:\/\/api.w.org\/{rel}","templated":true}]}}