{"id":17443,"date":"2023-11-14T09:27:39","date_gmt":"2023-11-14T08:27:39","guid":{"rendered":"https:\/\/finestresemporda.cat\/?page_id=17443"},"modified":"2024-05-10T10:50:42","modified_gmt":"2024-05-10T08:50:42","slug":"finstral-studio","status":"publish","type":"page","link":"https:\/\/finestresemporda.cat\/ca\/finstral-studio\/","title":{"rendered":"Finstral Studio"},"content":{"rendered":"[mk_page_section vertical_align=&#8221;top&#8221; bg_image=&#8221;https:\/\/finestresemporda.cat\/wp-content\/uploads\/2022\/01\/banner-studio.jpg&#8221; attachment=&#8221;fixed&#8221; bg_position=&#8221;center center&#8221; bg_repeat=&#8221;no-repeat&#8221; min_height=&#8221;203&#8243; full_width=&#8221;true&#8221; js_vertical_centered=&#8221;true&#8221; visibility=&#8221;visible-sm&#8221; sidebar=&#8221;sidebar-1&#8243;][vc_column][mk_padding_divider size=&#8221;150&#8243;][mk_fancy_title strip_tags=&#8221;true&#8221; tag_name=&#8221;h1&#8243; color=&#8221;#ffffff&#8221; size=&#8221;40&#8243; line_height=&#8221;150&#8243; font_weight=&#8221;bolder&#8221; font_style=&#8221;normal&#8221; letter_spacing=&#8221;1&#8243; margin_bottom=&#8221;0&#8243; font_family=&#8221;none&#8221; align=&#8221;center&#8221; animation=&#8221;scale-up&#8221; visibility=&#8221;visible-sm&#8221;]<span style=\"font-weight: 400;\">Showroom Finstral Studio<\/span>[\/mk_fancy_title][mk_padding_divider size=&#8221;150&#8243;][\/vc_column][\/mk_page_section][mk_page_section vertical_align=&#8221;center&#8221; bg_image=&#8221;https:\/\/finestresemporda.cat\/wp-content\/uploads\/2022\/01\/banner-studio.jpg&#8221; attachment=&#8221;fixed&#8221; bg_position=&#8221;center center&#8221; bg_repeat=&#8221;no-repeat&#8221; visibility=&#8221;hidden-sm&#8221; sidebar=&#8221;sidebar-1&#8243;][vc_column][mk_padding_divider size=&#8221;400&#8243;][vc_row_inner][vc_column_inner width=&#8221;1\/2&#8243;][mk_fancy_title strip_tags=&#8221;true&#8221; tag_name=&#8221;h1&#8243; color=&#8221;#ffffff&#8221; size=&#8221;70&#8243; line_height=&#8221;130&#8243; font_weight=&#8221;bolder&#8221; letter_spacing=&#8221;2&#8243; margin_bottom=&#8221;0&#8243; font_family=&#8221;Open+Sans&#8221; font_type=&#8221;google&#8221;]Showroom[\/mk_fancy_title][mk_fancy_title strip_tags=&#8221;true&#8221; color=&#8221;#ffffff&#8221; size=&#8221;40&#8243; force_font_size=&#8221;true&#8221; size_tablet=&#8221;45&#8243; line_height=&#8221;110&#8243; font_weight=&#8221;400&#8243; margin_bottom=&#8221;0&#8243; font_family=&#8221;Open+Sans&#8221; font_type=&#8221;google&#8221;]Finstral Studio[\/mk_fancy_title][\/vc_column_inner][vc_column_inner width=&#8221;1\/2&#8243;][\/vc_column_inner][\/vc_row_inner][\/vc_column][\/mk_page_section][vc_row][vc_column offset=&#8221;vc_hidden-sm vc_hidden-xs&#8221;][mk_padding_divider size=&#8221;100&#8243;][\/vc_column][\/vc_row][vc_row fullwidth=&#8221;true&#8221; fullwidth_content=&#8221;false&#8221; visibility=&#8221;hidden-sm&#8221; animation=&#8221;right-to-left&#8221;][vc_column width=&#8221;1\/2&#8243;][mk_fancy_title tag_name=&#8221;span&#8221; color=&#8221;#0a0a0a&#8221; size=&#8221;20&#8243; line_height=&#8221;150&#8243; font_weight=&#8221;400&#8243; letter_spacing=&#8221;1&#8243; margin_bottom=&#8221;0&#8243; font_family=&#8221;Open+Sans&#8221; font_type=&#8221;google&#8221;]Visita les nostres instal\u00b7lacions a <strong>Serra de Dar\u00f3<\/strong>, a la zona del Baix Empord\u00e0, a la prov\u00edncia de Girona. Podr\u00e0s con\u00e8ixer les nostres finestres, verandes, mallorquines i mosquiteres de primera m\u00e0.[\/mk_fancy_title][mk_fancy_title tag_name=&#8221;span&#8221; color=&#8221;#0a0a0a&#8221; size=&#8221;20&#8243; line_height=&#8221;150&#8243; font_weight=&#8221;400&#8243; letter_spacing=&#8221;1&#8243; margin_bottom=&#8221;0&#8243; font_family=&#8221;Open+Sans&#8221; font_type=&#8221;google&#8221;]Visita les nostres instal\u00b7lacions a <strong>Serra de Dar\u00f3<\/strong>, a la zona del Baix Empord\u00e0, a la prov\u00edncia de Girona. Podr\u00e0s con\u00e8ixer les nostres finestres, verandes, mallorquines i mosquiteres de primera m\u00e0.[\/mk_fancy_title][mk_padding_divider size=&#8221;90&#8243; visibility=&#8221;hidden-sm&#8221;][\/vc_column][vc_column width=&#8221;1\/2&#8243;][mk_image src=&#8221;https:\/\/finestresemporda.cat\/wp-content\/uploads\/2022\/01\/imagen-1.jpg&#8221; image_size=&#8221;full&#8221;][\/vc_column][\/vc_row][vc_row fullwidth=&#8221;true&#8221; fullwidth_content=&#8221;false&#8221; visibility=&#8221;visible-sm&#8221; css=&#8221;.vc_custom_1642414723250{padding-right: 10px !important;padding-left: 10px !important;}&#8221;][vc_column][mk_padding_divider size=&#8221;30&#8243;][mk_fancy_title tag_name=&#8221;span&#8221; color=&#8221;#0a0a0a&#8221; size=&#8221;20&#8243; line_height=&#8221;150&#8243; font_weight=&#8221;400&#8243; letter_spacing=&#8221;1&#8243; margin_bottom=&#8221;0&#8243; font_family=&#8221;Open+Sans&#8221; font_type=&#8221;google&#8221;]Visita les nostres instal\u00b7lacions a <strong>Serra de Dar\u00f3<\/strong>, a la zona del Baix Empord\u00e0, a la prov\u00edncia de Girona. Podr\u00e0s con\u00e8ixer les nostres finestres, verandes, mallorquines i mosquiteres de primera m\u00e0.[\/mk_fancy_title][mk_padding_divider size=&#8221;30&#8243;][mk_image src=&#8221;https:\/\/finestresemporda.cat\/wp-content\/uploads\/2022\/01\/imagen-1.jpg&#8221; image_size=&#8221;full&#8221;][mk_padding_divider size=&#8221;30&#8243;][mk_fancy_title tag_name=&#8221;span&#8221; color=&#8221;#0a0a0a&#8221; size=&#8221;20&#8243; line_height=&#8221;150&#8243; font_weight=&#8221;400&#8243; letter_spacing=&#8221;1&#8243; margin_bottom=&#8221;0&#8243; font_family=&#8221;Open+Sans&#8221; font_type=&#8221;google&#8221;]Descobreix com queden les finestres amb un tipus de vidre o un altre, quin color seria el m\u00e9s adequat per al marc de les teves finestres, quin tipus de porta s&#8217;adapta millor a les teves necessitats&#8230; Tot aix\u00f2 abans de comprar qualsevol producte.[\/mk_fancy_title][\/vc_column][\/vc_row][vc_row visibility=&#8221;hidden-sm&#8221;][vc_column offset=&#8221;vc_hidden-sm vc_hidden-xs&#8221;][mk_padding_divider size=&#8221;100&#8243;][\/vc_column][\/vc_row][vc_row fullwidth=&#8221;true&#8221; fullwidth_content=&#8221;false&#8221; visibility=&#8221;hidden-sm&#8221; animation=&#8221;left-to-right&#8221;][vc_column width=&#8221;1\/2&#8243;][mk_image src=&#8221;https:\/\/finestresemporda.cat\/wp-content\/uploads\/2022\/01\/imagen-2.jpg&#8221; image_size=&#8221;full&#8221;][\/vc_column][vc_column width=&#8221;1\/2&#8243;][mk_fancy_title tag_name=&#8221;span&#8221; color=&#8221;#0a0a0a&#8221; size=&#8221;20&#8243; line_height=&#8221;150&#8243; font_weight=&#8221;400&#8243; letter_spacing=&#8221;1&#8243; margin_bottom=&#8221;0&#8243; font_family=&#8221;Open+Sans&#8221; font_type=&#8221;google&#8221;]El nostre <strong>Showroom Finstral <\/strong>et presenta totes les possibilitats perqu\u00e8 prenguis una decisi\u00f3 informada sobre com quedar\u00e0 el producte a la teva pr\u00f2pia casa. \u00c9s una avantatge molt important per assegurar-te que el producte triat compleix totes les teves exig\u00e8ncies.[\/mk_fancy_title][mk_fancy_title tag_name=&#8221;span&#8221; color=&#8221;#0a0a0a&#8221; size=&#8221;20&#8243; line_height=&#8221;150&#8243; font_weight=&#8221;400&#8243; letter_spacing=&#8221;1&#8243; margin_bottom=&#8221;0&#8243; font_family=&#8221;Open+Sans&#8221; font_type=&#8221;google&#8221;]A <strong>Finestres Empord\u00e0<\/strong> tamb\u00e9 podem assessorar-te i ajudar-te en la teva elecci\u00f3. Inclusivament t&#8217;expliquem qu\u00e8 far\u00edem al teu cas i quin tipus de finestra s&#8217;ajusta millor a les teves necessitats.[\/mk_fancy_title][mk_fancy_title tag_name=&#8221;span&#8221; color=&#8221;#0a0a0a&#8221; size=&#8221;20&#8243; line_height=&#8221;150&#8243; font_weight=&#8221;400&#8243; letter_spacing=&#8221;1&#8243; margin_bottom=&#8221;0&#8243; font_family=&#8221;Open+Sans&#8221; font_type=&#8221;google&#8221;]Si ets una empresa o un arquitecte, tamb\u00e9 pots visitar el nostre cat\u00e0leg de <strong>productes Finstral a la Costa Brava<\/strong>. Des del primer moment, sabr\u00e0s com queda el producte.[\/mk_fancy_title][\/vc_column][\/vc_row][vc_row fullwidth=&#8221;true&#8221; fullwidth_content=&#8221;false&#8221; visibility=&#8221;visible-sm&#8221; css=&#8221;.vc_custom_1642414679749{padding-right: 10px !important;padding-left: 10px !important;}&#8221;][vc_column][mk_padding_divider size=&#8221;30&#8243;][mk_image src=&#8221;https:\/\/finestresemporda.cat\/wp-content\/uploads\/2022\/01\/imagen-2.jpg&#8221; image_size=&#8221;full&#8221;][mk_padding_divider size=&#8221;30&#8243;][mk_fancy_title tag_name=&#8221;span&#8221; color=&#8221;#0a0a0a&#8221; size=&#8221;20&#8243; line_height=&#8221;150&#8243; font_weight=&#8221;400&#8243; letter_spacing=&#8221;1&#8243; margin_bottom=&#8221;0&#8243; font_family=&#8221;Open+Sans&#8221; font_type=&#8221;google&#8221;]El nostre <strong>Showroom Finstral <\/strong>et presenta totes les possibilitats perqu\u00e8 prenguis una decisi\u00f3 informada sobre com quedar\u00e0 el producte a la teva pr\u00f2pia casa. \u00c9s una avantatge molt important per assegurar-te que el producte triat compleix totes les teves exig\u00e8ncies.[\/mk_fancy_title][mk_padding_divider size=&#8221;30&#8243;][mk_fancy_title tag_name=&#8221;span&#8221; color=&#8221;#0a0a0a&#8221; size=&#8221;20&#8243; line_height=&#8221;150&#8243; font_weight=&#8221;400&#8243; letter_spacing=&#8221;1&#8243; margin_bottom=&#8221;0&#8243; font_family=&#8221;Open+Sans&#8221; font_type=&#8221;google&#8221;]A <strong>Finestres Empord\u00e0<\/strong> tamb\u00e9 podem assessorar-te i ajudar-te en la teva elecci\u00f3. Inclusivament t&#8217;expliquem qu\u00e8 far\u00edem al teu cas i quin tipus de finestra s&#8217;ajusta millor a les teves necessitats.[\/mk_fancy_title][mk_padding_divider size=&#8221;30&#8243;][mk_fancy_title tag_name=&#8221;span&#8221; color=&#8221;#0a0a0a&#8221; size=&#8221;20&#8243; line_height=&#8221;150&#8243; font_weight=&#8221;400&#8243; letter_spacing=&#8221;1&#8243; margin_bottom=&#8221;0&#8243; font_family=&#8221;Open+Sans&#8221; font_type=&#8221;google&#8221;]Si ets una empresa o un arquitecte, tamb\u00e9 pots visitar el nostre cat\u00e0leg de <strong>productes Finstral a la Costa Brava<\/strong>. Des del primer moment, sabr\u00e0s com queda el producte.[\/mk_fancy_title][mk_padding_divider size=&#8221;30&#8243;][\/vc_column][\/vc_row][vc_row visibility=&#8221;hidden-sm&#8221;][vc_column offset=&#8221;vc_hidden-sm vc_hidden-xs&#8221;][mk_padding_divider size=&#8221;100&#8243;][\/vc_column][\/vc_row][vc_row visibility=&#8221;hidden-sm&#8221; animation=&#8221;right-to-left&#8221;][vc_column width=&#8221;1\/2&#8243; offset=&#8221;vc_hidden-sm vc_hidden-xs&#8221;][mk_fancy_title tag_name=&#8221;span&#8221; color=&#8221;#0a0a0a&#8221; size=&#8221;20&#8243; line_height=&#8221;150&#8243; font_weight=&#8221;400&#8243; letter_spacing=&#8221;1&#8243; margin_bottom=&#8221;0&#8243; font_family=&#8221;Open+Sans&#8221; font_type=&#8221;google&#8221;]Els productes que pots adquirir a Finestres Empord\u00e0, i que a m\u00e9s pots veure al nostre Finstral Studio, s\u00f3n de qualitat, igual que la gesti\u00f3 i la instal\u00b7laci\u00f3.[\/mk_fancy_title][mk_padding_divider size=&#8221;30&#8243;][mk_fancy_title tag_name=&#8221;span&#8221; color=&#8221;#0a0a0a&#8221; size=&#8221;20&#8243; line_height=&#8221;150&#8243; font_weight=&#8221;400&#8243; letter_spacing=&#8221;1&#8243; margin_bottom=&#8221;0&#8243; font_family=&#8221;Open+Sans&#8221; font_type=&#8221;google&#8221;]Les nostres finestres, portes i porxos compten amb el segell IFT de muntatge, per la qual cosa el nostre equip es forma constantment amb Finstral i l&#8217;Institut f\u00fcr Fenstertechnik (ift) de Rosenheim per oferir una instal\u00b7laci\u00f3 professional i certificada. Aquesta formaci\u00f3 no nom\u00e9s es centra en la col\u00b7locaci\u00f3 dels productes, sin\u00f3 que tamb\u00e9 es centra en aconseguir una connexi\u00f3 adequada amb l&#8217;obra.[\/mk_fancy_title][mk_padding_divider size=&#8221;30&#8243;][mk_fancy_title tag_name=&#8221;span&#8221; color=&#8221;#0a0a0a&#8221; size=&#8221;20&#8243; line_height=&#8221;150&#8243; font_weight=&#8221;400&#8243; letter_spacing=&#8221;1&#8243; margin_bottom=&#8221;0&#8243; font_family=&#8221;Open+Sans&#8221; font_type=&#8221;google&#8221;]Aquest proc\u00e9s es gestiona de manera \u00f2ptima, comunicant-te cada pas i explicant-te en tot moment el que es far\u00e0. A m\u00e9s, cuidem la neteja i el manteniment de la teva llar durant la instal\u00b7laci\u00f3 de la finestra, porta o porxo. En finalitzar, t&#8217;expliquem detalladament el funcionament i el manteniment del producte espec\u00edfic.[\/mk_fancy_title][\/vc_column][vc_column width=&#8221;1\/2&#8243;][mk_image src=&#8221;https:\/\/finestresemporda.cat\/wp-content\/uploads\/2022\/01\/45861dfbb85fca5a24c74d11a25a8e38.png&#8221; image_size=&#8221;full&#8221;][\/vc_column][\/vc_row][vc_row fullwidth=&#8221;true&#8221; fullwidth_content=&#8221;false&#8221; visibility=&#8221;visible-sm&#8221; css=&#8221;.vc_custom_1642580489981{padding-right: 5px !important;padding-left: 5px !important;}&#8221;][vc_column][mk_image src=&#8221;https:\/\/finestresemporda.cat\/wp-content\/uploads\/2022\/01\/45861dfbb85fca5a24c74d11a25a8e38.png&#8221; image_size=&#8221;full&#8221;][mk_padding_divider size=&#8221;30&#8243;][mk_fancy_title tag_name=&#8221;span&#8221; color=&#8221;#0a0a0a&#8221; size=&#8221;20&#8243; line_height=&#8221;150&#8243; font_weight=&#8221;400&#8243; letter_spacing=&#8221;1&#8243; margin_bottom=&#8221;0&#8243; font_family=&#8221;Open+Sans&#8221; font_type=&#8221;google&#8221; align=&#8221;center&#8221;]Els productes que pots adquirir a Finestres Empord\u00e0, i que a m\u00e9s pots veure al nostre Finstral Studio, s\u00f3n de qualitat, igual que la gesti\u00f3 i la instal\u00b7laci\u00f3.[\/mk_fancy_title][mk_padding_divider size=&#8221;30&#8243;][mk_fancy_title tag_name=&#8221;span&#8221; color=&#8221;#0a0a0a&#8221; size=&#8221;20&#8243; line_height=&#8221;150&#8243; font_weight=&#8221;400&#8243; letter_spacing=&#8221;1&#8243; margin_bottom=&#8221;0&#8243; font_family=&#8221;Open+Sans&#8221; font_type=&#8221;google&#8221; align=&#8221;center&#8221;]Les nostres finestres, portes i porxos compten amb el segell IFT de muntatge, per la qual cosa el nostre equip es forma constantment amb Finstral i l&#8217;Institut f\u00fcr Fenstertechnik (ift) de Rosenheim per oferir una instal\u00b7laci\u00f3 professional i certificada. Aquesta formaci\u00f3 no nom\u00e9s es centra en la col\u00b7locaci\u00f3 dels productes, sin\u00f3 que tamb\u00e9 es centra en aconseguir una connexi\u00f3 adequada amb l&#8217;obra[\/mk_fancy_title][mk_padding_divider size=&#8221;30&#8243;][mk_fancy_title tag_name=&#8221;span&#8221; color=&#8221;#0a0a0a&#8221; size=&#8221;20&#8243; line_height=&#8221;150&#8243; font_weight=&#8221;400&#8243; letter_spacing=&#8221;1&#8243; margin_bottom=&#8221;0&#8243; font_family=&#8221;Open+Sans&#8221; font_type=&#8221;google&#8221; align=&#8221;center&#8221;]Aquest proc\u00e9s es gestiona de manera \u00f2ptima, comunicant-te cada pas i explicant-te en tot moment el que es far\u00e0. A m\u00e9s, cuidem la neteja i el manteniment de la teva llar durant la instal\u00b7laci\u00f3 de la finestra, porta o porxo. En finalitzar, t&#8217;expliquem detalladament el funcionament i el manteniment del producte espec\u00edfic.[\/mk_fancy_title][\/vc_column][\/vc_row][vc_row fullwidth=&#8221;true&#8221; fullwidth_content=&#8221;false&#8221; equal_columns=&#8221;true&#8221; column_padding=&#8221;&#8221; animation=&#8221;left-to-right&#8221;][vc_column width=&#8221;4\/12&#8243; css=&#8221;.vc_custom_1641986571886{border-top-width: 5px !important;border-right-width: 5px !important;border-bottom-width: 5px !important;border-left-width: 5px !important;background-image: url(https:\/\/finestresemporda.cat\/wp-content\/uploads\/2021\/12\/productos-ventanas-2.jpg?id=16319) !important;background-position: center !important;background-repeat: no-repeat !important;background-size: contain !important;border-left-color: #ffffff !important;border-left-style: solid !important;border-right-color: #ffffff !important;border-right-style: solid !important;border-top-color: #ffffff !important;border-top-style: solid !important;border-bottom-color: #ffffff !important;border-bottom-style: solid !important;}&#8221;][mk_padding_divider size=&#8221;415&#8243;][vc_row_inner][vc_column_inner css=&#8221;.vc_custom_1640687177325{background-color: #ffffff !important;}&#8221;][mk_fancy_title strip_tags=&#8221;true&#8221; tag_name=&#8221;h3&#8243; color=&#8221;#000000&#8243; size=&#8221;40&#8243; font_weight=&#8221;bold&#8221; letter_spacing=&#8221;2&#8243; margin_bottom=&#8221;0&#8243; font_family=&#8221;Open+Sans&#8221; font_type=&#8221;google&#8221; align=&#8221;center&#8221; animation=&#8221;scale-up&#8221;]<strong>Finestres<\/strong>[\/mk_fancy_title][mk_fancy_title tag_name=&#8221;span&#8221; color=&#8221;#000000&#8243; size=&#8221;15&#8243; font_weight=&#8221;bold&#8221; letter_spacing=&#8221;2&#8243; margin_bottom=&#8221;0&#8243; font_family=&#8221;Open+Sans&#8221; font_type=&#8221;google&#8221; align=&#8221;center&#8221; animation=&#8221;bottom-to-top&#8221;]<a href=\"\/ca\/productos\/ventanas-pvc-aluminio\/\"><em>Anar a Finestres \u27a1<\/em><\/a>[\/mk_fancy_title][\/vc_column_inner][\/vc_row_inner][\/vc_column][vc_column width=&#8221;4\/12&#8243; css=&#8221;.vc_custom_1641986580933{border-top-width: 5px !important;border-right-width: 5px !important;border-bottom-width: 5px !important;border-left-width: 5px !important;background-image: url(https:\/\/finestresemporda.cat\/wp-content\/uploads\/2021\/12\/productos-puertas-3.jpg?id=16320) !important;background-position: center !important;background-repeat: no-repeat !important;background-size: contain !important;border-left-color: #ffffff !important;border-left-style: solid !important;border-right-color: #ffffff !important;border-right-style: solid !important;border-top-color: #ffffff !important;border-top-style: solid !important;border-bottom-color: #ffffff !important;border-bottom-style: solid !important;}&#8221;][mk_padding_divider size=&#8221;415&#8243;][vc_row_inner][vc_column_inner css=&#8221;.vc_custom_1641985984185{background-color: #ffffff !important;}&#8221;][mk_fancy_title strip_tags=&#8221;true&#8221; tag_name=&#8221;h3&#8243; color=&#8221;#000000&#8243; size=&#8221;40&#8243; font_weight=&#8221;bold&#8221; letter_spacing=&#8221;2&#8243; margin_bottom=&#8221;0&#8243; font_family=&#8221;Open+Sans&#8221; font_type=&#8221;google&#8221; align=&#8221;center&#8221; animation=&#8221;scale-up&#8221;]<strong>Portes d&#8217;entrada<\/strong>[\/mk_fancy_title][mk_fancy_title tag_name=&#8221;span&#8221; color=&#8221;#000000&#8243; size=&#8221;15&#8243; font_weight=&#8221;bold&#8221; letter_spacing=&#8221;2&#8243; margin_bottom=&#8221;0&#8243; font_family=&#8221;Open+Sans&#8221; font_type=&#8221;google&#8221; align=&#8221;center&#8221; animation=&#8221;bottom-to-top&#8221;]<a href=\"\/ca\/productos\/puertas-de-entrada\/\"><em>Anar a Portes \u27a1<\/em><\/a>[\/mk_fancy_title][\/vc_column_inner][\/vc_row_inner][\/vc_column][vc_column width=&#8221;4\/12&#8243; css=&#8221;.vc_custom_1641986601074{border-top-width: 5px !important;border-right-width: 5px !important;border-bottom-width: 5px !important;border-left-width: 5px !important;background-image: url(https:\/\/finestresemporda.cat\/wp-content\/uploads\/2022\/01\/productos-otros-1.jpg?id=16704) !important;background-position: center !important;background-repeat: no-repeat !important;background-size: contain !important;border-left-color: #ffffff !important;border-left-style: solid !important;border-right-color: #ffffff !important;border-right-style: solid !important;border-top-color: #ffffff !important;border-top-style: solid !important;border-bottom-color: #ffffff !important;border-bottom-style: solid !important;}&#8221;][mk_padding_divider size=&#8221;415&#8243;][vc_row_inner][vc_column_inner css=&#8221;.vc_custom_1641985991338{background-color: #ffffff !important;}&#8221;][mk_fancy_title strip_tags=&#8221;true&#8221; tag_name=&#8221;h3&#8243; color=&#8221;#000000&#8243; size=&#8221;40&#8243; font_weight=&#8221;bold&#8221; letter_spacing=&#8221;2&#8243; margin_bottom=&#8221;0&#8243; font_family=&#8221;Open+Sans&#8221; font_type=&#8221;google&#8221; align=&#8221;center&#8221; animation=&#8221;scale-up&#8221;]<strong>Altres elements<\/strong>[\/mk_fancy_title][mk_fancy_title tag_name=&#8221;span&#8221; color=&#8221;#000000&#8243; size=&#8221;15&#8243; font_weight=&#8221;bold&#8221; letter_spacing=&#8221;2&#8243; margin_bottom=&#8221;0&#8243; font_family=&#8221;Open+Sans&#8221; font_type=&#8221;google&#8221; align=&#8221;center&#8221; animation=&#8221;bottom-to-top&#8221;]<a href=\"\/ca\/productos\/otros-elementos\/\"><em>Anar a Altres Elements \u27a1<\/em><\/a>[\/mk_fancy_title][\/vc_column_inner][\/vc_row_inner][\/vc_column][\/vc_row][vc_row][vc_column][mk_padding_divider size=&#8221;150&#8243;][\/vc_column][\/vc_row][vc_row visibility=&#8221;hidden-sm&#8221; animation=&#8221;left-to-right&#8221;][vc_column][mk_fancy_title strip_tags=&#8221;true&#8221; color=&#8221;#000000&#8243; size=&#8221;70&#8243; font_weight=&#8221;bold&#8221; letter_spacing=&#8221;2&#8243; margin_bottom=&#8221;0&#8243; font_family=&#8221;Open+Sans&#8221; font_type=&#8221;google&#8221; align=&#8221;center&#8221; animation=&#8221;scale-up&#8221;]<strong>El nostre Finstral Studio<\/strong>[\/mk_fancy_title][mk_padding_divider size=&#8221;50&#8243;][vc_gmaps link=&#8221;#E-8_JTNDaWZyYW1lJTIwc3JjJTNEJTIyaHR0cHMlM0ElMkYlMkZ3d3cuZ29vZ2xlLmNvbSUyRm1hcHMlMkZlbWJlZCUzRnBiJTNEJTIxNHYxNjQwNjkyMTUwODM2JTIxNm04JTIxMW03JTIxMXNDQW9TTEVGR01WRnBjRTkwUVdGU1RHMVBjazl4ZFhaM1lqaDBRa1ZmVDFCNFdWUmhUMlF6UjJJdFRXTnJVVnAyJTIxMm0yJTIxMWQ0Mi4wMjk5NjcxNDg0NzUlMjEyZDMuMDcxNzYxNTczNTI5JTIxM2YzNTIuNDIxODg5MTk3MTY1OCUyMTRmLTUuOTUyOTk3Mzk4NDIwNDA4JTIxNWYwLjc4MjA4NjU5NzQ2Mjc0NjklMjIlMjB3aWR0aCUzRCUyMjYwMCUyMiUyMGhlaWdodCUzRCUyMjQ1MCUyMiUyMHN0eWxlJTNEJTIyYm9yZGVyJTNBMCUzQiUyMiUyMGFsbG93ZnVsbHNjcmVlbiUzRCUyMiUyMiUyMGxvYWRpbmclM0QlMjJsYXp5JTIyJTNFJTNDJTJGaWZyYW1lJTNF&#8221;][vc_row_inner visibility=&#8221;hidden-sm&#8221;][vc_column_inner width=&#8221;1\/12&#8243;][\/vc_column_inner][vc_column_inner width=&#8221;10\/12&#8243;][mk_fancy_title tag_name=&#8221;span&#8221; color=&#8221;#0a0a0a&#8221; size=&#8221;25&#8243; line_height=&#8221;150&#8243; font_weight=&#8221;500&#8243; letter_spacing=&#8221;1&#8243; margin_bottom=&#8221;0&#8243; font_family=&#8221;none&#8221; align=&#8221;center&#8221;]Saber com queda la teva finestra o porta d&#8217;entrada abans de comprar-la \u00e9s possible. Amb Finestres Empord\u00e0, pots visitar el Showroom Finstral Studio a Girona, exactament a Serra de Dar\u00e0, i viure de primera m\u00e0 com queda cada producte abans de triar-lo.[\/mk_fancy_title][\/vc_column_inner][vc_column_inner width=&#8221;1\/12&#8243;][\/vc_column_inner][\/vc_row_inner][mk_padding_divider size=&#8221;30&#8243;][\/vc_column][\/vc_row][vc_row fullwidth=&#8221;true&#8221; fullwidth_content=&#8221;false&#8221; visibility=&#8221;visible-sm&#8221; css=&#8221;.vc_custom_1642414791538{padding-right: 10px !important;padding-left: 10px !important;}&#8221;][vc_column][mk_fancy_title strip_tags=&#8221;true&#8221; color=&#8221;#000000&#8243; size=&#8221;70&#8243; font_weight=&#8221;bold&#8221; letter_spacing=&#8221;2&#8243; margin_bottom=&#8221;0&#8243; font_family=&#8221;Open+Sans&#8221; font_type=&#8221;google&#8221; align=&#8221;center&#8221; animation=&#8221;scale-up&#8221;]<strong>El nostre Finstral Studio<\/strong>[\/mk_fancy_title][mk_padding_divider size=&#8221;50&#8243;][vc_gmaps link=&#8221;#E-8_JTNDaWZyYW1lJTIwc3JjJTNEJTIyaHR0cHMlM0ElMkYlMkZ3d3cuZ29vZ2xlLmNvbSUyRm1hcHMlMkZlbWJlZCUzRnBiJTNEJTIxNHYxNjQwNjkyMTUwODM2JTIxNm04JTIxMW03JTIxMXNDQW9TTEVGR01WRnBjRTkwUVdGU1RHMVBjazl4ZFhaM1lqaDBRa1ZmVDFCNFdWUmhUMlF6UjJJdFRXTnJVVnAyJTIxMm0yJTIxMWQ0Mi4wMjk5NjcxNDg0NzUlMjEyZDMuMDcxNzYxNTczNTI5JTIxM2YzNTIuNDIxODg5MTk3MTY1OCUyMTRmLTUuOTUyOTk3Mzk4NDIwNDA4JTIxNWYwLjc4MjA4NjU5NzQ2Mjc0NjklMjIlMjB3aWR0aCUzRCUyMjYwMCUyMiUyMGhlaWdodCUzRCUyMjQ1MCUyMiUyMHN0eWxlJTNEJTIyYm9yZGVyJTNBMCUzQiUyMiUyMGFsbG93ZnVsbHNjcmVlbiUzRCUyMiUyMiUyMGxvYWRpbmclM0QlMjJsYXp5JTIyJTNFJTNDJTJGaWZyYW1lJTNF&#8221;][mk_fancy_title tag_name=&#8221;span&#8221; color=&#8221;#0a0a0a&#8221; size=&#8221;25&#8243; line_height=&#8221;150&#8243; font_weight=&#8221;500&#8243; letter_spacing=&#8221;1&#8243; margin_bottom=&#8221;0&#8243; font_family=&#8221;none&#8221; align=&#8221;center&#8221;]Saber com queda la teva finestra o porta d&#8217;entrada abans de comprar-la \u00e9s possible. Amb Finestres Empord\u00e0, pots visitar el Showroom Finstral Studio a Girona, exactament a Serra de Dar\u00e0, i viure de primera m\u00e0 com queda cada producte abans de triar-lo.[\/mk_fancy_title][mk_padding_divider size=&#8221;30&#8243;][\/vc_column][\/vc_row][vc_row][vc_column][mk_padding_divider size=&#8221;30&#8243; visibility=&#8221;hidden-sm&#8221;][mk_padding_divider size=&#8221;50&#8243;][\/vc_column][\/vc_row][vc_row visibility=&#8221;hidden-sm&#8221;][vc_column][mk_padding_divider size=&#8221;70&#8243;][mk_fancy_title strip_tags=&#8221;true&#8221; color=&#8221;#000000&#8243; size=&#8221;50&#8243; font_weight=&#8221;bold&#8221; letter_spacing=&#8221;2&#8243; margin_bottom=&#8221;0&#8243; font_family=&#8221;Open+Sans&#8221; font_type=&#8221;google&#8221; align=&#8221;center&#8221; animation=&#8221;scale-up&#8221;]<strong>Necessites ajuda?<\/strong>[\/mk_fancy_title][mk_fancy_title tag_name=&#8221;span&#8221; color=&#8221;#000000&#8243; size=&#8221;25&#8243; font_weight=&#8221;500&#8243; letter_spacing=&#8221;2&#8243; margin_bottom=&#8221;0&#8243; font_family=&#8221;Open+Sans&#8221; font_type=&#8221;google&#8221; align=&#8221;center&#8221; animation=&#8221;scale-up&#8221;]<a href=\"\/ca\/contacto\/\">Solicite un presupuesto a medida aqu\u00ed<\/a>[\/mk_fancy_title][\/vc_column][\/vc_row][vc_row visibility=&#8221;visible-sm&#8221;][vc_column][mk_padding_divider size=&#8221;70&#8243;][mk_fancy_title strip_tags=&#8221;true&#8221; color=&#8221;#000000&#8243; size=&#8221;45&#8243; font_weight=&#8221;bold&#8221; letter_spacing=&#8221;2&#8243; margin_bottom=&#8221;0&#8243; font_family=&#8221;Open+Sans&#8221; font_type=&#8221;google&#8221; align=&#8221;center&#8221; animation=&#8221;scale-up&#8221;]\u00bfLE AYUDAMOS?[\/mk_fancy_title][mk_fancy_title strip_tags=&#8221;true&#8221; color=&#8221;#000000&#8243; size=&#8221;45&#8243; font_weight=&#8221;bold&#8221; letter_spacing=&#8221;2&#8243; margin_bottom=&#8221;0&#8243; font_family=&#8221;Open+Sans&#8221; font_type=&#8221;google&#8221; align=&#8221;center&#8221; animation=&#8221;scale-up&#8221;]\n<p style=\"text-align: center;\">Si ho desitges, el nostre equip de professionals est\u00e0 a la teva disposici\u00f3 per triar cada producte de manera adequada. T&#8217;assessorem durant tot el proc\u00e9s. Estarem encantats de formar part del teu projecte de fusteria a Girona.<\/p>\n[\/mk_fancy_title][mk_fancy_title tag_name=&#8221;span&#8221; color=&#8221;#000000&#8243; size=&#8221;25&#8243; font_weight=&#8221;500&#8243; letter_spacing=&#8221;2&#8243; margin_bottom=&#8221;0&#8243; font_family=&#8221;Open+Sans&#8221; font_type=&#8221;google&#8221; align=&#8221;center&#8221; animation=&#8221;scale-up&#8221;]<a href=\"\/ca\/contacto\/\">Sol\u00b7liciteu un pressupost a mida aqu\u00ed<\/a>[\/mk_fancy_title][\/vc_column][\/vc_row][vc_row][vc_column][mk_padding_divider size=&#8221;30&#8243; visibility=&#8221;hidden-sm&#8221;][\/vc_column][\/vc_row]\n","protected":false},"excerpt":{"rendered":"<p>[mk_page_section vertical_align=&#8221;top&#8221; bg_image=&#8221;https:\/\/finestresemporda.cat\/wp-content\/uploads\/2022\/01\/banner-studio.jpg&#8221; attachment=&#8221;fixed&#8221; bg_position=&#8221;center center&#8221; bg_repeat=&#8221;no-repeat&#8221; min_height=&#8221;203&#8243; full_width=&#8221;true&#8221; js_vertical_centered=&#8221;true&#8221; visibility=&#8221;visible-sm&#8221; sidebar=&#8221;sidebar-1&#8243;][vc_column][mk_padding_divider size=&#8221;150&#8243;][mk_fancy_title strip_tags=&#8221;true&#8221; tag_name=&#8221;h1&#8243; color=&#8221;#ffffff&#8221; size=&#8221;40&#8243; line_height=&#8221;150&#8243; font_weight=&#8221;bolder&#8221; font_style=&#8221;normal&#8221; letter_spacing=&#8221;1&#8243; margin_bottom=&#8221;0&#8243; font_family=&#8221;none&#8221; align=&#8221;center&#8221; animation=&#8221;scale-up&#8221; visibility=&#8221;visible-sm&#8221;]Showroom Finstral Studio[\/mk_fancy_title][mk_padding_divider size=&#8221;150&#8243;][\/vc_column][\/mk_page_section][mk_page_section vertical_align=&#8221;center&#8221; bg_image=&#8221;https:\/\/finestresemporda.cat\/wp-content\/uploads\/2022\/01\/banner-studio.jpg&#8221; attachment=&#8221;fixed&#8221; bg_position=&#8221;center center&#8221; bg_repeat=&#8221;no-repeat&#8221; visibility=&#8221;hidden-sm&#8221; sidebar=&#8221;sidebar-1&#8243;][vc_column][mk_padding_divider size=&#8221;400&#8243;][vc_row_inner][vc_column_inner width=&#8221;1\/2&#8243;][mk_fancy_title strip_tags=&#8221;true&#8221; tag_name=&#8221;h1&#8243; color=&#8221;#ffffff&#8221; size=&#8221;70&#8243; line_height=&#8221;130&#8243; font_weight=&#8221;bolder&#8221; letter_spacing=&#8221;2&#8243; margin_bottom=&#8221;0&#8243; font_family=&#8221;Open+Sans&#8221; font_type=&#8221;google&#8221;]Showroom[\/mk_fancy_title][mk_fancy_title strip_tags=&#8221;true&#8221; color=&#8221;#ffffff&#8221; size=&#8221;40&#8243; force_font_size=&#8221;true&#8221; size_tablet=&#8221;45&#8243; line_height=&#8221;110&#8243; [&hellip;]<\/p>\n","protected":false},"author":8,"featured_media":0,"parent":0,"menu_order":4,"comment_status":"closed","ping_status":"closed","template":"","meta":{"_monsterinsights_skip_tracking":false,"_monsterinsights_sitenote_active":false,"_monsterinsights_sitenote_note":"","_monsterinsights_sitenote_category":0,"footnotes":""},"class_list":["post-17443","page","type-page","status-publish","hentry"],"aioseo_notices":[],"_links":{"self":[{"href":"https:\/\/finestresemporda.cat\/ca\/wp-json\/wp\/v2\/pages\/17443","targetHints":{"allow":["GET"]}}],"collection":[{"href":"https:\/\/finestresemporda.cat\/ca\/wp-json\/wp\/v2\/pages"}],"about":[{"href":"https:\/\/finestresemporda.cat\/ca\/wp-json\/wp\/v2\/types\/page"}],"author":[{"embeddable":true,"href":"https:\/\/finestresemporda.cat\/ca\/wp-json\/wp\/v2\/users\/8"}],"replies":[{"embeddable":true,"href":"https:\/\/finestresemporda.cat\/ca\/wp-json\/wp\/v2\/comments?post=17443"}],"version-history":[{"count":7,"href":"https:\/\/finestresemporda.cat\/ca\/wp-json\/wp\/v2\/pages\/17443\/revisions"}],"predecessor-version":[{"id":17709,"href":"https:\/\/finestresemporda.cat\/ca\/wp-json\/wp\/v2\/pages\/17443\/revisions\/17709"}],"wp:attachment":[{"href":"https:\/\/finestresemporda.cat\/ca\/wp-json\/wp\/v2\/media?parent=17443"}],"curies":[{"name":"wp","href":"https:\/\/api.w.org\/{rel}","templated":true}]}}